{"id":498,"date":"2024-01-22T14:03:07","date_gmt":"2024-01-22T13:03:07","guid":{"rendered":"http:\/\/crac-asbl.org\/?page_id=498"},"modified":"2024-01-22T15:11:33","modified_gmt":"2024-01-22T14:11:33","slug":"principales-activites-de-1993-a-2023","status":"publish","type":"page","link":"https:\/\/crac-asbl.org\/?page_id=498","title":{"rendered":"Principales activit\u00e9s (de 1993 \u00e0 2023)"},"content":{"rendered":"\n<p class=\"has-text-align-center\">Merci \u00e0 Hans Mannes, C\u00e9cile Evrard, Edmond Saveniers, Annie Aufrychter, Vincent Delbushaye, Benjamin Hennot, Michel Hanique, Claire Willems, Pascal, Manon,&#8230; et tous les autres !<br>Merci aux nombreux artistes, aux po\u00e8tes, aux philosophes, \u2026<br>Merci \u00e0 nos irr\u00e9ductibles membres pour leur soutien depuis 30 ans.<\/p>\n\n\n\n<p><strong>En novembre 1993 \u00e0 Saint-Aubin : <\/strong><br>Repr\u00e9sentation \u00e0 la Salle Saint Jean de \u00ab\u00a0La grande ducasse\u00a0\u00bb; Com\u00e9die en 3 actes d\u2019Arthur MASSON par la troupe l\u2019\u00c9cole Buissonni\u00e8re de Saint-Aubin.<\/p>\n\n\n\n<p><strong>En novembre 1994 \u00e0 Florennes et Walcourt:<\/strong><br>1er concours de dessins \u2013 photos \u2013 technique libre<br>(participation individuelle ou collective) propos\u00e9 aux enfants, ainsi qu\u2019aux jeunes et adultes des entit\u00e9s de Florennes et Walcourt et dot\u00e9 de prix sur le th\u00e8me :<br>\u00ab&nbsp;Non \u00e0 la destruction de l\u2019environnement ! Pour une \u00e9conomie respectueuse du cadre de vie&nbsp;\u00bb<\/p>\n\n\n\n<p><strong>En novembre 1995 \u00e0 Florennes et Walcourt :<\/strong><br>2\u00e8me concours de dessin (participation individuelle ou collective) propos\u00e9 aux \u00e9l\u00e8ves de l\u2019enseignement fondamental des entit\u00e9s de Florennes et Walcourt et dot\u00e9 de prix sur le th\u00e8me : \u00ab&nbsp;Nous regardons notre r\u00e9gion.&nbsp;\u00bb<\/p>\n\n\n\n<p><strong>En mai 1996 \u00e0 Hemptinne:<\/strong><br>Concert de musique classique en l\u2019\u00e9glise Saint-Remy.<br>Hans Mannes (violoncelle) Edmond Saveniers (orgue), interpr\u00e8tent des \u0153uvres de F. Couperin, M. Marais, J.S. Bach et A.Vivaldi.<\/p>\n\n\n\n<p><strong>En novembre 1996 \u00e0 Florennes et Walcourt<\/strong><br>3\u00e8me concours de dessin (participation individuelle ou collective) propos\u00e9 aux \u00e9l\u00e8ves de l\u2019enseignement fondamental des entit\u00e9s de Florennes et Walcourt et dot\u00e9 de prix sur le th\u00e8me : \u00ab&nbsp;Autoportrait et ma classe&nbsp;\u00bb.<\/p>\n\n\n\n<p><strong>En mai 1997 \u00e0 Hemptinne<\/strong><br>R\u00e9cital de violoncelle en l\u2019\u00e9glise Saint-Remy. musique du 20e si\u00e8cle. Hans Mannes interpr\u00e8te des \u0153uvres de P. Hindemith, E. Mainardi, G. Crumb, H.W. Henze, A. Sallinen et T. Mayuzumi<\/p>\n\n\n\n<p><strong>Le 16 mai 1998 \u00e0 Hemptinne <\/strong><br>Concert de musique concertante en l\u2019\u00e9glise Saint-Remy Edmond Saveniers, chef d\u2019orchestre et organiste, Hans Mannes violoncelliste accompagn\u00e9s par l\u2019ensemble instrumental Marsyas interpr\u00e8tent des \u0153uvres de W.A. Mozart, M.G. Monn, J. Haydn et E. Grieg<\/p>\n\n\n\n<p><strong>En mai 1998 \u00e0 Hemptinne<\/strong><br>Exposition artistique dans les locaux r\u00e9nov\u00e9s de l\u2019ancienne gare d\u2019Hemptinne :<br>Claire Willems, peintre et Michel Hanique, photographe.<\/p>\n\n\n\n<p><strong>Le 23 d\u00e9cembre 1998 \u00e0 Saint-Aubin :<\/strong><br>Concert de No\u00ebl.<br>L\u2019ensemble instrumental et vocal Marsyas sous la direction d\u2019Edmond Saveniers interpr\u00e8te des \u0153uvres de J.S. Bach, D. Buxtehude et J. Haydn&nbsp;: \u00ab&nbsp;Symphonie des adieux&nbsp;\u00bb ainsi que des chants classiques et populaires de No\u00ebl.<\/p>\n\n\n\n<p><strong>Le 30 avril 1999 \u00e0 Hemptinne :<\/strong><br>Concert de musique pour violoncelles en l\u2019\u00e9glise Saint-Remy. The Mannes Cello Academy interpr\u00e8te des oeuvres de J.S. Bach, J.B. de Boismortier, W. De Fesch, R. Matz, A. Krein, S. Joplin, J. Deswert, G. Goltermann, F. Lachner, Laboccetta et S. Barber<\/p>\n\n\n\n<p><strong>Le 28 avril 2000 \u00e0 Saint-Aubin :<\/strong><br>L\u2019ensemble instrumental et vocal Marsyas sous la direction d\u2019Edmond Saveniers interpr\u00e8te des \u0153uvres de W.A. Mozart&nbsp;: op\u00e9ra \u00ab&nbsp;Bastien et Bastienne&nbsp;\u00bb et de J. Haydn.<\/p>\n\n\n\n<p><strong>Le 20 avril 2001 \u00e0 Hemptinne :<\/strong><br>Concert en l\u2019\u00e9glise Saint-Remy l\u2019ensemble instrumental et vocal Marsyas sous la direction d\u2019Edmond Saveniers interpr\u00e8te \u00ab&nbsp;La Passion selon Saint Jean&nbsp;\u00bb de J.S.BACH<br>avec exposition de peintures de l\u2019institut Saint-Pierre et Paul de Florennes sur le th\u00e8me de la passion\u00a0\u00bb.(Professeur Edith Jaume)<\/p>\n\n\n\n<p><strong>Le 21 mars 2003 \u00e0 Saint-Aubin :<\/strong><br>Les professeurs et \u00e9tudiants du Conservatoire de Li\u00e8ge sous la direction de Pierre H\u00e9neaux interpr\u00e8tent \u00ab&nbsp;Les quatre saisons&nbsp;\u00bb et autres concertos de Vivaldi.<\/p>\n\n\n\n<p><strong>Le 13 mai 2005 \u00e0 Saint-Aubin :<\/strong><br>Duos pour violoncelles. Solistes : Hans Mannes et Johannes Burghoff interpr\u00e8tent des oeuvres de Boismortier, Fesch, Boccherini.<\/p>\n\n\n\n<p><strong>Le 27 mai 2007 \u00e0 Saint-Aubin :<\/strong><br>Concert du p\u2019tit Val de Sambre \u00ab Du classicisme au romantisme \u00bb Oeuvres de Ludwig van Beethoven, Franz Vincenz Krommer, Juan Crisostomo de Arriaga.<\/p>\n\n\n\n<p><strong>Le 09 septembre 2007 \u00e0 Hemptinne :<\/strong><br>Organisation des f\u00eates du patrimoine \u00e0 Hemptinne.<br>Interpr\u00e9tation du \u00ab\u00a0Jeu de Colin\u00a0\u00bb \u00e9crit par Annie Aufrychter avec la collaboration de l&rsquo;acad\u00e9mie de Florennes et des m\u00e9nestrels I Mordini.<br>Organisation d&rsquo;une promenade d\u00e9couverte de notre patrimoine rural \u00ab\u00a0Les fermes d&rsquo;hier et d\u2019aujourd&rsquo;hui.\u00a0\u00bb<br>Organisation d&rsquo;un BBQ m\u00e9di\u00e9val \u00e0 la ferme de Daniel.<\/p>\n\n\n\n<p><strong>En septembre 2008<\/strong> (Premier prix aux f\u00eates de Wallonie \u00e0 Namur)<br>Nouvelle de J.P. Molle offerte au CRAC<br>\u00ab\u00a0Colin Maillard et les voleurs de terre\u00a0\u00bb (T. Deome)<br>Une nouvelle dont l&rsquo;action principale se d\u00e9roule \u00e0 Florennes et met en sc\u00e8ne Toine Culot, le ma\u00efeur de Trignolles, en cure de revalidation au Home Degrange et s&rsquo;impliquant dans la lutte contre le projet de carri\u00e8re \u00e0 Hemptinne.<\/p>\n\n\n\n<p><strong>Le 07 novembre 2008 \u00e0 Florennes \u00e0 la salle Saint-Pierre :<\/strong><br>R\u00e9cital de Vincent Delbushaye<br>En premi\u00e8re partie : Manon de Sambreville et Fr\u00e9d\u00e9ric Bourdon d\u2019Anh\u00e9e<\/p>\n\n\n\n<p><strong>Le 15 mai 2009 \u00e0 Saint-Aubin :<\/strong><br>Concert du p\u2019tit Val de Sambre \u00ab\u00a0Musiques de films\u00a0\u00bb<\/p>\n\n\n\n<p><strong>Le 4 et 5 septembre 2010 \u00e0 Saint-Aubin&nbsp;:<\/strong><br>Expo photos \u00ab&nbsp;Au fil de l\u2019eau&nbsp;\u00bb du CRHM &#8211; Contrat de Rivi\u00e8res Haute Meuse.<\/p>\n\n\n\n<p><strong>Le 5 septembre 2010 \u00e0 Saint-Aubin<\/strong><br>Conf\u00e9rence&nbsp;: \u00ab\u00a0Saint-Aubin en 2050\u00a0\u00bb par Michel Wautelet, UMons.<br>Notre soci\u00e9t\u00e9 occidentale et d\u00e9velopp\u00e9e d\u00e9pend du p\u00e9trole et du gaz naturel abondants et bon march\u00e9. En 2050, ces ressources fossiles seront en voie d\u2019\u00e9puisement. L\u2019\u00e8re de l\u2019apr\u00e8s-p\u00e9trole sera diff\u00e9rente de l\u2019\u00e8re actuelle. G\u00e9n\u00e9ralement, lorsque l\u2019on examine le futur, on consid\u00e8re les changements g\u00e9n\u00e9raux, voire les villes.<br>Dans le monde rural aussi, les cons\u00e9quences de l\u2019apr\u00e8s-p\u00e9trole se feront sentir.<br>Dans cette conf\u00e9rence, on examinera le cas particulier d\u2019un village de l\u2019Entre-Sambre-et-Meuse&nbsp;: Saint-Aubin (entit\u00e9 de Florennes). D\u2019abord, on rappellera les changements survenus dans ce village depuis une quarantaine d\u2019ann\u00e9es et leur lien avec le p\u00e9trole et le d\u00e9veloppement des technologies de l\u2019information et des communications. Ensuite, on discutera du contexte \u00e9nerg\u00e9tique de 2050 et des cons\u00e9quences dans les domaines des transports, de l\u2019habitat et de la production de nourriture.<br>Les changements \u00e0 venir dans le village seront alors discut\u00e9s, en fonction des particularit\u00e9s locales.<br>En particulier, on montrera ce que la cr\u00e9ation d\u2019une carri\u00e8re dans les environs imm\u00e9diats modifierait dans le futur du village.<br><br><em>M.Wautelet, \u00ab&nbsp;Vivement 2050. Comment nous vivrons (peut-\u00eatre) demain.&nbsp;\u00bb (Editions L\u2019Harmattan, Paris, 2007)<\/em><br><br>Projection du t\u00e9l\u00e9-film documentaire \u00ab\u00a0Vent de poussi\u00e8re\u00a0\u00bb, de Bertrand Renaud.<br>Pro et anti-carriers s&rsquo;affrontent.  Economie et environnement ne font pas bon m\u00e9nage.<\/p>\n\n\n\n<p><strong>18 mai 2015 \u00e0 Hemptinne, \u00e0 la salle les gais lurons :<\/strong><br>s\u00e9ance d\u2019information du CRAC : Pr\u00e9sentation de la demande de permis (failles de l\u2019\u00e9tude d\u2019incidences) en pr\u00e9sence de Canal C, de l\u2019Avenir,\u2026<\/p>\n\n\n\n<p><strong>22 janvier 2016 \u00e0 Saint-Aubin:<\/strong><br>Projection du film documentaire \u00ab\u00a0La Bataille de l&rsquo;Eau Noire\u00a0\u00bb de Benjamin Hennot \u00e0 la salle Saint Jean \u00e0 Saint-Aubin en pr\u00e9sence du r\u00e9alisateur.<br>Un film pro-libert\u00e9 qui d\u00e9fend les valeurs d\u00e9mocratiques et qui d\u00e9montre qu&rsquo;une r\u00e9volution douce est parfois possible car de toute fa\u00e7on : \u00ab&nbsp;Ce n&rsquo;est pas en \u00e9tant sage qu&rsquo;on arrive \u00e0 quelque chose.\u00bb Le Soir.<\/p>\n\n\n\n<h1 class=\"wp-block-heading has-text-align-center\">Autres activit\u00e9s<\/h1>\n\n\n\n<h2 class=\"wp-block-heading\">De nombreuses conf\u00e9rences de presse ont \u00e9t\u00e9 organis\u00e9es :<\/h2>\n\n\n\n<ul>\n<li>Dans diverses salles de notre r\u00e9gion : \u00e0 &lsquo;Nosse Clitchette&rsquo; (Saint-Aubin), \u00e0 l&rsquo;\u00e9cole d&rsquo;Hemptinne, \u00e0 la salle &lsquo;Les Gais Lurrons&rsquo;, \u00e0 la gare d&rsquo;Hemptinne, au si\u00e8ge social de notre ASBL,&#8230;<\/li>\n\n\n\n<li>Au Cinex \u00e0 Namur : le 15 f\u00e9vrier 2012, en pr\u00e9sence de Me Dermagne, pour d\u00e9noncer le trafic d&rsquo;influence, voire de la corruption; le demandeur ayant r\u00e9dig\u00e9 lui-m\u00eame l&rsquo;arr\u00eat\u00e9 de modification du plan de secteur.<\/li>\n\n\n\n<li>Au cours d&rsquo;\u00e9missions t\u00e9l\u00e9vis\u00e9es de Canal C  : \u00ab\u00a0Plein cadre\u00a0\u00bb et \u00ab\u00a0Point barre\u00a0\u00bb.<\/li>\n\n\n\n<li>Nombreuses communications via la presse (Canal C, L&rsquo;Avenir, La Nouvelle Gazette,&#8230;)<br>Voir l&rsquo;article du magazine Tchak (num\u00e9ro 7 en 2021) : <a href=\"https:\/\/tchak.be\/index.php\/2021\/10\/14\/florennes-carmeuse-carriere-agriculteurs-autoroute-eau\/\">Une autoroute des eaux pay\u00e9es par les contribuables&#8230; \u00e0 leur insu<\/a><\/li>\n<\/ul>\n\n\n\n<h2 class=\"wp-block-heading\">Des repas et promenades d\u00e9couvertes ont \u00e9t\u00e9 organis\u00e9s :<\/h2>\n\n\n\n<p>Les habitants des villages concern\u00e9s ont \u00e9t\u00e9 invit\u00e9s \u00e0 participer \u00e0 pas moins de 13 repas campagnards et promenades d\u00e9couvertes de notre environnement.<\/p>\n\n\n\n<h2 class=\"wp-block-heading\">De multiples toutes-bo\u00eetes d&rsquo;information ont \u00e9t\u00e9 distribu\u00e9s :<\/h2>\n\n\n\n<ul>\n<li>\u00e0 la population des villages d&rsquo;Hemptinne, de Saint-Aubin, de Florennes et du Franc-Bois (Yves-Gomez\u00e9e)<\/li>\n\n\n\n<li>&#8230; et au monde politique !<\/li>\n<\/ul>\n\n\n\n<p>Plus de 9000 lettres ont \u00e9t\u00e9 d\u00e9pos\u00e9es au cours des deux enqu\u00eates publiques :<br>&#8211; du 25 f\u00e9vrier au 08 avril 2008 : relative \u00e0la modification du plan de secteur.<br>&#8211; du 15 mai au 15 juin 2015 : relative \u00e0 la demande de permis unique.<\/p>\n\n\n\n<h2 class=\"wp-block-heading\">De nombreuses r\u00e9unions se sont tenues :<\/h2>\n\n\n\n<p>Le CRAC s&rsquo;est r\u00e9uni plus de <strong>260 fois en r\u00e9unions pl\u00e9ni\u00e8res<\/strong>.<\/p>\n\n\n\n<h2 class=\"wp-block-heading\">Des commissions de travail oeuvrent depuis 30 ans :<\/h2>\n\n\n\n<ul>\n<li>contact avec les administration,<\/li>\n\n\n\n<li>rencontres de mandataires,<\/li>\n\n\n\n<li>information \u00e0 la presse et \u00e0 la population,<\/li>\n\n\n\n<li>recherche de dossiers dans les communes concern\u00e9es et au SPW,<\/li>\n\n\n\n<li>analyse des \u00e9tudes d&rsquo;incidence et autres&#8230;,<\/li>\n\n\n\n<li>introduction de recours,<\/li>\n\n\n\n<li>rencontres de nos avocats : Ma\u00eetre Jean-Marie Dermagne et Ma\u00eetre Jacques Sambon,<\/li>\n\n\n\n<li>cr\u00e9ation et maintien de notre site web : <a href=\"http:\/\/crac-asbl.org\">http:\/\/crac-asbl.org<\/a><\/li>\n\n\n\n<li>participation aux RIP et enqu\u00eates publiques concernant les carri\u00e8res &lsquo;calcaires de Florennes&rsquo; et &lsquo;Les Petons&rsquo; (Yves-Gomez\u00e9e),<\/li>\n\n\n\n<li>implication de certains de nos membres dans le comit\u00e9 d&rsquo;accompagnement de ces carri\u00e8res,<\/li>\n\n\n\n<li>\u00e9change d&rsquo;information et aides diverses \u00e0 diff\u00e9rents comit\u00e9s de riverains de carri\u00e8res; notamment \u00e0 l&rsquo;ASBL Covaldys : www.covaldys.be<\/li>\n\n\n\n<li>renouvellement de nos statuts (moniteur belge : 05\/12\/2023),<\/li>\n\n\n\n<li>etc&#8230;<\/li>\n<\/ul>\n\n\n\n<table><tr><td style=\"font-size:130%;text-align:center;vertical-align:middle;padding:5px 10px 5px 10px;background-color:#f7f700\"><strong>\nEnsemble, sauvegardons notre cadre de vie.<br\/>\nREFUSONS CETTE CARRIERE DE TROP !<\/br>\nNous restons d\u00e9termin\u00e9s, opini\u00e2tres et pugnaces.<\/br>\n<br\/>\n<u>Que vos projets les plus audacieux se concr\u00e9tisent !<\/u>\n<\/strong><\/td><\/tr><\/table>\n","protected":false},"excerpt":{"rendered":"<p>Merci \u00e0 Hans Mannes, C\u00e9cile Evrard, Edmond Saveniers, Annie Aufrychter, Vincent Delbushaye, Benjamin Hennot, Michel Hanique, Claire Willems, Pascal, Manon,&#8230; et tous les autres !Merci aux nombreux artistes, aux po\u00e8tes, aux philosophes, \u2026Merci \u00e0 nos irr\u00e9ductibles membres pour leur soutien depuis 30 ans. En novembre 1993 \u00e0 Saint-Aubin : Repr\u00e9sentation \u00e0 la Salle Saint Jean &hellip; <\/p>\n<p><a class=\"more-link btn\" href=\"https:\/\/crac-asbl.org\/?page_id=498\">Lire la suite<\/a><\/p>\n","protected":false},"author":2,"featured_media":0,"parent":0,"menu_order":0,"comment_status":"closed","ping_status":"closed","template":"","meta":{"_uag_custom_page_level_css":"","footnotes":""},"uagb_featured_image_src":{"full":false,"thumbnail":false,"medium":false,"medium_large":false,"large":false,"1536x1536":false,"2048x2048":false,"graphene_slider":false,"post-thumbnail":false},"uagb_author_info":{"display_name":"CRAC","author_link":"https:\/\/crac-asbl.org\/?author=2"},"uagb_comment_info":0,"uagb_excerpt":"Merci \u00e0 Hans Mannes, C\u00e9cile Evrard, Edmond Saveniers, Annie Aufrychter, Vincent Delbushaye, Benjamin Hennot, Michel Hanique, Claire Willems, Pascal, Manon,&#8230; et tous les autres !Merci aux nombreux artistes, aux po\u00e8tes, aux philosophes, \u2026Merci \u00e0 nos irr\u00e9ductibles membres pour leur soutien depuis 30 ans. En novembre 1993 \u00e0 Saint-Aubin : Repr\u00e9sentation \u00e0 la Salle Saint Jean\u2026","_links":{"self":[{"href":"https:\/\/crac-asbl.org\/index.php?rest_route=\/wp\/v2\/pages\/498"}],"collection":[{"href":"https:\/\/crac-asbl.org\/index.php?rest_route=\/wp\/v2\/pages"}],"about":[{"href":"https:\/\/crac-asbl.org\/index.php?rest_route=\/wp\/v2\/types\/page"}],"author":[{"embeddable":true,"href":"https:\/\/crac-asbl.org\/index.php?rest_route=\/wp\/v2\/users\/2"}],"replies":[{"embeddable":true,"href":"https:\/\/crac-asbl.org\/index.php?rest_route=%2Fwp%2Fv2%2Fcomments&post=498"}],"version-history":[{"count":30,"href":"https:\/\/crac-asbl.org\/index.php?rest_route=\/wp\/v2\/pages\/498\/revisions"}],"predecessor-version":[{"id":545,"href":"https:\/\/crac-asbl.org\/index.php?rest_route=\/wp\/v2\/pages\/498\/revisions\/545"}],"wp:attachment":[{"href":"https:\/\/crac-asbl.org\/index.php?rest_route=%2Fwp%2Fv2%2Fmedia&parent=498"}],"curies":[{"name":"wp","href":"https:\/\/api.w.org\/{rel}","templated":true}]}}