{"id":242,"date":"2019-09-11T20:04:16","date_gmt":"2019-09-11T18:04:16","guid":{"rendered":"http:\/\/crac-asbl.org\/?page_id=242"},"modified":"2019-12-22T15:21:43","modified_gmt":"2019-12-22T14:21:43","slug":"cartes-photos","status":"publish","type":"page","link":"https:\/\/crac-asbl.org\/?page_id=242","title":{"rendered":"Cartes &#038; Photos"},"content":{"rendered":"\n<h3 class=\"wp-block-heading\">Cartes du site<\/h3>\n\n\n\n<p>Cartes figurant la localisation et l&rsquo;\u00e9tendue des zones d&rsquo;exploitation des carri\u00e8res \u00e0 Florennes (Berthe), Hemptinne &amp; St-Aubin (Carmeuse), Yves-Gomez\u00e9e (&lsquo;Les petons&rsquo;).<\/p>\n\n\n\n<div class=\"wp-block-envira-envira-gallery\"><div id=\"envira-gallery-wrap-246\" class=\"envira-gallery-wrap envira-gallery-theme-base envira-lightbox-theme-base_dark\" itemscope itemtype=\"https:\/\/schema.org\/ImageGallery\"><div data-row-height=\"\" data-gallery-theme=\"\" id=\"envira-gallery-246\" class=\"envira-gallery-public  envira-gallery-2-columns envira-clear envira-gallery-css-animations\" data-envira-columns=\"2\"><div id=\"envira-gallery-item-245\" class=\"envira-gallery-item enviratope-item envira-gallery-item-1 envira-lazy-load\" style=\"padding-left: 1px; padding-bottom: 1px; padding-right: 1px;\"  itemscope itemtype=\"https:\/\/schema.org\/ImageObject\"><div class=\"envira-gallery-item-inner\"><div class=\"envira-gallery-position-overlay  envira-gallery-top-left\"><\/div><div class=\"envira-gallery-position-overlay  envira-gallery-top-right\"><\/div><div class=\"envira-gallery-position-overlay  envira-gallery-bottom-left\"><\/div><div class=\"envira-gallery-position-overlay  envira-gallery-bottom-right\"><\/div><a href=\"http:\/\/crac-asbl.org\/wp-content\/uploads\/2019\/09\/Carte-2CarrieresHabitat.png\" class=\"envira-gallery-246 envira-gallery-link\" rel=\"enviragallery246\" title=\"Carte-2Carrieres+Habitat\" data-envira-caption=\"Carte-2Carrieres+Habitat\" data-envira-retina=\"\" data-thumbnail=\"\"  itemprop=\"contentUrl\"><div class=\"envira-lazy\" data-test-width=\"640\" data-test-height=\"480\" style=\"padding-bottom:75%;\"><img decoding=\"async\" id=\"envira-gallery-image-245\" class=\"envira-gallery-image envira-gallery-image-1\" data-envira-index=\"1\" src=\"https:\/\/crac-asbl.org\/wp-content\/uploads\/2019\/09\/Carte-2CarrieresHabitat-1024x576-640x480.png\" data-envira-src=\"https:\/\/crac-asbl.org\/wp-content\/uploads\/2019\/09\/Carte-2CarrieresHabitat-1024x576-640x480.png\" data-envira-gallery-id=\"246\" data-envira-item-id=\"245\" data-envira-caption=\"Carte-2Carrieres+Habitat\" alt=\"\" title=\"Carte-2Carrieres+Habitat\"  itemprop=\"thumbnailUrl\" data-envira-srcset=\"https:\/\/crac-asbl.org\/wp-content\/uploads\/2019\/09\/Carte-2CarrieresHabitat-1024x576-640x480.png 400w,https:\/\/crac-asbl.org\/wp-content\/uploads\/2019\/09\/Carte-2CarrieresHabitat-1024x576-640x480.png 2x\" srcset=\"data:image\/gif;base64,R0lGODlhAQABAIAAAP\/\/\/\/\/\/\/yH5BAEKAAEALAAAAAABAAEAAAICTAEAOw==\" \/><\/div><\/a><\/div><\/div><div id=\"envira-gallery-item-244\" class=\"envira-gallery-item enviratope-item envira-gallery-item-2 envira-lazy-load\" style=\"padding-left: 1px; padding-bottom: 1px; padding-right: 1px;\"  itemscope itemtype=\"https:\/\/schema.org\/ImageObject\"><div class=\"envira-gallery-item-inner\"><div class=\"envira-gallery-position-overlay  envira-gallery-top-left\"><\/div><div class=\"envira-gallery-position-overlay  envira-gallery-top-right\"><\/div><div class=\"envira-gallery-position-overlay  envira-gallery-bottom-left\"><\/div><div class=\"envira-gallery-position-overlay  envira-gallery-bottom-right\"><\/div><a href=\"http:\/\/crac-asbl.org\/wp-content\/uploads\/2019\/09\/Carte-3CarrieresHabitat.png\" class=\"envira-gallery-246 envira-gallery-link\" rel=\"enviragallery246\" title=\"Carte-3Carrieres+Habitat\" data-envira-caption=\"Carte-3Carrieres+Habitat\" data-envira-retina=\"\" data-thumbnail=\"\"  itemprop=\"contentUrl\"><div class=\"envira-lazy\" data-test-width=\"640\" data-test-height=\"480\" style=\"padding-bottom:75%;\"><img decoding=\"async\" id=\"envira-gallery-image-244\" class=\"envira-gallery-image envira-gallery-image-2\" data-envira-index=\"2\" src=\"https:\/\/crac-asbl.org\/wp-content\/uploads\/2019\/09\/Carte-3CarrieresHabitat-1024x578-640x480.png\" data-envira-src=\"https:\/\/crac-asbl.org\/wp-content\/uploads\/2019\/09\/Carte-3CarrieresHabitat-1024x578-640x480.png\" data-envira-gallery-id=\"246\" data-envira-item-id=\"244\" data-envira-caption=\"Carte-3Carrieres+Habitat\" alt=\"\" title=\"Carte-3Carrieres+Habitat\"  itemprop=\"thumbnailUrl\" data-envira-srcset=\"https:\/\/crac-asbl.org\/wp-content\/uploads\/2019\/09\/Carte-3CarrieresHabitat-1024x578-640x480.png 400w,https:\/\/crac-asbl.org\/wp-content\/uploads\/2019\/09\/Carte-3CarrieresHabitat-1024x578-640x480.png 2x\" srcset=\"data:image\/gif;base64,R0lGODlhAQABAIAAAP\/\/\/\/\/\/\/yH5BAEKAAEALAAAAAABAAEAAAICTAEAOw==\" \/><\/div><\/a><\/div><\/div><\/div><\/div><noscript><img decoding=\"async\" src=\"https:\/\/crac-asbl.org\/wp-content\/uploads\/2019\/09\/Carte-2CarrieresHabitat.png\" alt=\"\" \/><img decoding=\"async\" src=\"https:\/\/crac-asbl.org\/wp-content\/uploads\/2019\/09\/Carte-3CarrieresHabitat.png\" alt=\"\" \/><\/noscript><\/div>\n\n\n\n<p>Cliquez sur le lien ci-apr\u00e8s, pour voir la carte <a rel=\"noreferrer noopener\" aria-label=\"&quot;Les carri\u00e8res dans la r\u00e9gion de Florennes&quot; (s\u2019ouvre dans un nouvel onglet)\" href=\"https:\/\/drive.google.com\/open?id=1AMM57jlGt5NqjwN5ZpMwyHvWm3ouEKtc&amp;usp=sharing\" target=\"_blank\">\u00ab\u00a0Les carri\u00e8res dans la r\u00e9gion de Florennes\u00a0\u00bb<\/a><\/p>\n\n\n\n<h3 class=\"wp-block-heading\">Aper\u00e7u du site de la future carri\u00e8re&#8230;<\/h3>\n\n\n<p>L&rsquo;on y aper\u00e7oit clairement :<\/p>\n<ul>\n<li>Le <strong>merlon agricole<\/strong> (terril), c\u00f4t\u00e9 Saint-Aubin. Haut de <em><strong>40 m\u00e8tres<\/strong><\/em>, sur une longeur de 700m; celui-ci occupera une superficie totale de 35 hectares. En guise de comparaison; la hauteur de l&rsquo;\u00e9glise de Saint-Aubin ne mesure que <em><strong>35 m\u00e8tres<\/strong><\/em> !<\/li>\n<li>La <strong>fosse d&rsquo;extraction<\/strong>, c\u00f4t\u00e9 Hemptinne.&nbsp; D&rsquo;une superficie de <strong>40 hectares<\/strong>.<\/li>\n<li>Les <strong>installations techniques<\/strong>, du c\u00f4t\u00e9 de l&rsquo;ancienne gare d&rsquo;Hemptinne.<\/li>\n<\/ul>\n<p><img loading=\"lazy\" decoding=\"async\" class=\"aligncenter wp-image-361 size-full\" src=\"http:\/\/crac-asbl.org\/wp-content\/uploads\/2019\/12\/PlanDuSite_Terril.png\" alt=\"\" width=\"687\" height=\"656\" srcset=\"https:\/\/crac-asbl.org\/wp-content\/uploads\/2019\/12\/PlanDuSite_Terril.png 687w, https:\/\/crac-asbl.org\/wp-content\/uploads\/2019\/12\/PlanDuSite_Terril-300x286.png 300w\" sizes=\"(max-width: 687px) 100vw, 687px\" \/><\/p>\n\n\n<p><br><\/p>\n\n\n\n<h3 class=\"wp-block-heading\">Photos du site de &lsquo;La Bataille&rsquo;<\/h3>\n\n\n\n<p>Quelques photos du plateau du site &lsquo;La Bataille&rsquo;; situ\u00e9 entre les villages de Saint-Aubin et Hemptinne, et convoit\u00e9 par Carmeuse pour l&rsquo;implantation de sa future carri\u00e8re&#8230;<\/p>\n\n\n\n<div class=\"wp-block-envira-envira-gallery\"><div id=\"envira-gallery-wrap-248\" class=\"envira-gallery-wrap envira-gallery-theme-base envira-lightbox-theme-base_dark\" itemscope itemtype=\"https:\/\/schema.org\/ImageGallery\"><div data-row-height=\"150\" data-gallery-theme=\"normal\" id=\"envira-gallery-248\" class=\"envira-gallery-public envira-gallery-justified-public envira-gallery-0-columns envira-clear enviratope envira-gallery-css-animations\" data-envira-columns=\"0\"><div id=\"envira-gallery-item-158\" class=\"envira-gallery-item enviratope-item envira-gallery-item-1 envira-lazy-load\" style=\"padding-left: 1px; padding-bottom: 1px; padding-right: 1px;\"  itemscope itemtype=\"https:\/\/schema.org\/ImageObject\"><div class=\"envira-gallery-item-inner\"><div class=\"envira-gallery-position-overlay  envira-gallery-top-left\"><\/div><div class=\"envira-gallery-position-overlay  envira-gallery-top-right\"><\/div><div class=\"envira-gallery-position-overlay  envira-gallery-bottom-left\"><\/div><div class=\"envira-gallery-position-overlay  envira-gallery-bottom-right\"><\/div><a href=\"http:\/\/crac-asbl.org\/wp-content\/uploads\/2019\/09\/St-Aubin_Agglo_NonALaCarriere_1.jpg\" class=\"envira-gallery-248 envira-gallery-link\" rel=\"enviragallery248\" title=\"Le village de Saint-Aubin dit &amp;#039;NON&amp;#039; &agrave; la carri&egrave;re...  Laquelle commencerait 100m &agrave; peine apr&egrave;s ce panneau.\" data-envira-caption=\"Le village de Saint-Aubin dit &amp;#039;NON&amp;#039; &agrave; la carri&egrave;re...  Laquelle commencerait 100m &agrave; peine apr&egrave;s ce panneau.\" data-envira-retina=\"\" data-thumbnail=\"\"  itemprop=\"contentUrl\"><img decoding=\"async\" id=\"envira-gallery-image-158\" class=\"envira-gallery-image envira-gallery-image-1 envira-normal envira-lazy\" data-envira-index=\"1\" src=\"https:\/\/crac-asbl.org\/wp-content\/uploads\/2019\/09\/St-Aubin_Agglo_NonALaCarriere_1-768x1024-640x480.jpg\" data-envira-src=\"https:\/\/crac-asbl.org\/wp-content\/uploads\/2019\/09\/St-Aubin_Agglo_NonALaCarriere_1-768x1024-640x480.jpg\" data-envira-gallery-id=\"248\" data-envira-item-id=\"158\" data-envira-caption=\"Le village de Saint-Aubin dit &amp;#039;NON&amp;#039; &agrave; la carri&egrave;re...  Laquelle commencerait 100m &agrave; peine apr&egrave;s ce panneau.\" alt=\"A la sortie de Saint-Aubin\" title=\"Le village de Saint-Aubin dit 'NON' \u00e0 la carri\u00e8re...  Laquelle commencerait 100m \u00e0 peine apr\u00e8s ce panneau.\"  itemprop=\"thumbnailUrl\" data-envira-srcset=\"https:\/\/crac-asbl.org\/wp-content\/uploads\/2019\/09\/St-Aubin_Agglo_NonALaCarriere_1-768x1024-640x480.jpg 400w,https:\/\/crac-asbl.org\/wp-content\/uploads\/2019\/09\/St-Aubin_Agglo_NonALaCarriere_1-768x1024-640x480.jpg 2x\" data-envira-width=\"225\" data-envira-height=\"300\" srcset=\"data:image\/gif;base64,R0lGODlhAQABAIAAAP\/\/\/\/\/\/\/yH5BAEKAAEALAAAAAABAAEAAAICTAEAOw==\" data-safe-src=\"data:image\/gif;base64,R0lGODlhAQABAIAAAP\/\/\/\/\/\/\/yH5BAEKAAEALAAAAAABAAEAAAICTAEAOw==\" \/><\/a><\/div><\/div><div id=\"envira-gallery-item-173\" class=\"envira-gallery-item enviratope-item envira-gallery-item-2 envira-lazy-load\" style=\"padding-left: 1px; padding-bottom: 1px; padding-right: 1px;\"  itemscope itemtype=\"https:\/\/schema.org\/ImageObject\"><div class=\"envira-gallery-item-inner\"><div class=\"envira-gallery-position-overlay  envira-gallery-top-left\"><\/div><div class=\"envira-gallery-position-overlay  envira-gallery-top-right\"><\/div><div class=\"envira-gallery-position-overlay  envira-gallery-bottom-left\"><\/div><div class=\"envira-gallery-position-overlay  envira-gallery-bottom-right\"><\/div><a href=\"http:\/\/crac-asbl.org\/wp-content\/uploads\/2019\/09\/DSC03158.jpg\" class=\"envira-gallery-248 envira-gallery-link\" rel=\"enviragallery248\" title=\"La chappelle Sainte-Brigide, et une stelle aux morts de 1940...  &agrave; la limite du site de la futre carri&egrave;re.\" data-envira-caption=\"La chappelle Sainte-Brigide, et une stelle aux morts de 1940...  &agrave; la limite du site de la futre carri&egrave;re.\" data-envira-retina=\"\" data-thumbnail=\"\"  itemprop=\"contentUrl\"><img decoding=\"async\" id=\"envira-gallery-image-173\" class=\"envira-gallery-image envira-gallery-image-2 envira-normal envira-lazy\" data-envira-index=\"2\" src=\"https:\/\/crac-asbl.org\/wp-content\/uploads\/2019\/09\/DSC03158-1024x768-640x480.jpg\" data-envira-src=\"https:\/\/crac-asbl.org\/wp-content\/uploads\/2019\/09\/DSC03158-1024x768-640x480.jpg\" data-envira-gallery-id=\"248\" data-envira-item-id=\"173\" data-envira-caption=\"La chappelle Sainte-Brigide, et une stelle aux morts de 1940...  &agrave; la limite du site de la futre carri&egrave;re.\" alt=\"\" title=\"La chappelle Sainte-Brigide, et une stelle aux morts de 1940...  \u00e0 la limite du site de la futre carri\u00e8re.\"  itemprop=\"thumbnailUrl\" data-envira-srcset=\"https:\/\/crac-asbl.org\/wp-content\/uploads\/2019\/09\/DSC03158-1024x768-640x480.jpg 400w,https:\/\/crac-asbl.org\/wp-content\/uploads\/2019\/09\/DSC03158-1024x768-640x480.jpg 2x\" data-envira-width=\"300\" data-envira-height=\"225\" srcset=\"data:image\/gif;base64,R0lGODlhAQABAIAAAP\/\/\/\/\/\/\/yH5BAEKAAEALAAAAAABAAEAAAICTAEAOw==\" data-safe-src=\"data:image\/gif;base64,R0lGODlhAQABAIAAAP\/\/\/\/\/\/\/yH5BAEKAAEALAAAAAABAAEAAAICTAEAOw==\" \/><\/a><\/div><\/div><div id=\"envira-gallery-item-172\" class=\"envira-gallery-item enviratope-item envira-gallery-item-3 envira-lazy-load\" style=\"padding-left: 1px; padding-bottom: 1px; padding-right: 1px;\"  itemscope itemtype=\"https:\/\/schema.org\/ImageObject\"><div class=\"envira-gallery-item-inner\"><div class=\"envira-gallery-position-overlay  envira-gallery-top-left\"><\/div><div class=\"envira-gallery-position-overlay  envira-gallery-top-right\"><\/div><div class=\"envira-gallery-position-overlay  envira-gallery-bottom-left\"><\/div><div class=\"envira-gallery-position-overlay  envira-gallery-bottom-right\"><\/div><a href=\"http:\/\/crac-asbl.org\/wp-content\/uploads\/2019\/09\/DSC03157.jpg\" class=\"envira-gallery-248 envira-gallery-link\" rel=\"enviragallery248\" title=\"Vue du village de Saint-Aubin, prise depuis la chapelle Sainte Brigide; &agrave; la limite du site pr&eacute;vu de la future carri&egrave;re Carmeuse.\" data-envira-caption=\"Vue du village de Saint-Aubin, prise depuis la chapelle Sainte Brigide; &agrave; la limite du site pr&eacute;vu de la future carri&egrave;re Carmeuse.\" data-envira-retina=\"\" data-thumbnail=\"\"  itemprop=\"contentUrl\"><img decoding=\"async\" id=\"envira-gallery-image-172\" class=\"envira-gallery-image envira-gallery-image-3 envira-normal envira-lazy\" data-envira-index=\"3\" src=\"https:\/\/crac-asbl.org\/wp-content\/uploads\/2019\/09\/DSC03157-1024x768-640x480.jpg\" data-envira-src=\"https:\/\/crac-asbl.org\/wp-content\/uploads\/2019\/09\/DSC03157-1024x768-640x480.jpg\" data-envira-gallery-id=\"248\" data-envira-item-id=\"172\" data-envira-caption=\"Vue du village de Saint-Aubin, prise depuis la chapelle Sainte Brigide; &agrave; la limite du site pr&eacute;vu de la future carri&egrave;re Carmeuse.\" alt=\"\" title=\"Vue du village de Saint-Aubin, prise depuis la chapelle Sainte Brigide; \u00e0 la limite du site pr\u00e9vu de la future carri\u00e8re Carmeuse.\"  itemprop=\"thumbnailUrl\" data-envira-srcset=\"https:\/\/crac-asbl.org\/wp-content\/uploads\/2019\/09\/DSC03157-1024x768-640x480.jpg 400w,https:\/\/crac-asbl.org\/wp-content\/uploads\/2019\/09\/DSC03157-1024x768-640x480.jpg 2x\" data-envira-width=\"300\" data-envira-height=\"225\" srcset=\"data:image\/gif;base64,R0lGODlhAQABAIAAAP\/\/\/\/\/\/\/yH5BAEKAAEALAAAAAABAAEAAAICTAEAOw==\" data-safe-src=\"data:image\/gif;base64,R0lGODlhAQABAIAAAP\/\/\/\/\/\/\/yH5BAEKAAEALAAAAAABAAEAAAICTAEAOw==\" \/><\/a><\/div><\/div><div id=\"envira-gallery-item-156\" class=\"envira-gallery-item enviratope-item envira-gallery-item-4 envira-lazy-load\" style=\"padding-left: 1px; padding-bottom: 1px; padding-right: 1px;\"  itemscope itemtype=\"https:\/\/schema.org\/ImageObject\"><div class=\"envira-gallery-item-inner\"><div class=\"envira-gallery-position-overlay  envira-gallery-top-left\"><\/div><div class=\"envira-gallery-position-overlay  envira-gallery-top-right\"><\/div><div class=\"envira-gallery-position-overlay  envira-gallery-bottom-left\"><\/div><div class=\"envira-gallery-position-overlay  envira-gallery-bottom-right\"><\/div><a href=\"http:\/\/crac-asbl.org\/wp-content\/uploads\/2019\/09\/Bataille_Panneau_NonALaCarriere.jpg\" class=\"envira-gallery-248 envira-gallery-link\" rel=\"enviragallery248\" title=\"Panneau du CRAC aux abords du site de &amp;#039;La Bataille&amp;#039; : entre les villages d&amp;#039;Hemptinne et Saint-Aubin.\" data-envira-caption=\"Panneau du CRAC aux abords du site de &amp;#039;La Bataille&amp;#039; : entre les villages d&amp;#039;Hemptinne et Saint-Aubin.\" data-envira-retina=\"\" data-thumbnail=\"\"  itemprop=\"contentUrl\"><img decoding=\"async\" id=\"envira-gallery-image-156\" class=\"envira-gallery-image envira-gallery-image-4 envira-normal envira-lazy\" data-envira-index=\"4\" src=\"https:\/\/crac-asbl.org\/wp-content\/uploads\/2019\/09\/Bataille_Panneau_NonALaCarriere-1024x768-640x480.jpg\" data-envira-src=\"https:\/\/crac-asbl.org\/wp-content\/uploads\/2019\/09\/Bataille_Panneau_NonALaCarriere-1024x768-640x480.jpg\" data-envira-gallery-id=\"248\" data-envira-item-id=\"156\" data-envira-caption=\"Panneau du CRAC aux abords du site de &amp;#039;La Bataille&amp;#039; : entre les villages d&amp;#039;Hemptinne et Saint-Aubin.\" alt=\"\" title=\"Panneau du CRAC aux abords du site de 'La Bataille' : entre les villages d'Hemptinne et Saint-Aubin.\"  itemprop=\"thumbnailUrl\" data-envira-srcset=\"https:\/\/crac-asbl.org\/wp-content\/uploads\/2019\/09\/Bataille_Panneau_NonALaCarriere-1024x768-640x480.jpg 400w,https:\/\/crac-asbl.org\/wp-content\/uploads\/2019\/09\/Bataille_Panneau_NonALaCarriere-1024x768-640x480.jpg 2x\" data-envira-width=\"300\" data-envira-height=\"225\" srcset=\"data:image\/gif;base64,R0lGODlhAQABAIAAAP\/\/\/\/\/\/\/yH5BAEKAAEALAAAAAABAAEAAAICTAEAOw==\" data-safe-src=\"data:image\/gif;base64,R0lGODlhAQABAIAAAP\/\/\/\/\/\/\/yH5BAEKAAEALAAAAAABAAEAAAICTAEAOw==\" \/><\/a><\/div><\/div><div id=\"envira-gallery-item-175\" class=\"envira-gallery-item enviratope-item envira-gallery-item-5 envira-lazy-load\" style=\"padding-left: 1px; padding-bottom: 1px; padding-right: 1px;\"  itemscope itemtype=\"https:\/\/schema.org\/ImageObject\"><div class=\"envira-gallery-item-inner\"><div class=\"envira-gallery-position-overlay  envira-gallery-top-left\"><\/div><div class=\"envira-gallery-position-overlay  envira-gallery-top-right\"><\/div><div class=\"envira-gallery-position-overlay  envira-gallery-bottom-left\"><\/div><div class=\"envira-gallery-position-overlay  envira-gallery-bottom-right\"><\/div><a href=\"http:\/\/crac-asbl.org\/wp-content\/uploads\/2019\/09\/DSC03185.jpg\" class=\"envira-gallery-248 envira-gallery-link\" rel=\"enviragallery248\" title=\"Une partie du site de la future carri&egrave;re; ici vue depuis l&amp;#039;entr&eacute;e d&amp;#039;Hemptinne... Au pied de l&amp;#039;arbre, au loin, se situe la Chapelle Saint-Brigide !\" data-envira-caption=\"Une partie du site de la future carri&egrave;re; ici vue depuis l&amp;#039;entr&eacute;e d&amp;#039;Hemptinne... Au pied de l&amp;#039;arbre, au loin, se situe la Chapelle Saint-Brigide !\" data-envira-retina=\"\" data-thumbnail=\"\"  itemprop=\"contentUrl\"><img decoding=\"async\" id=\"envira-gallery-image-175\" class=\"envira-gallery-image envira-gallery-image-5 envira-normal envira-lazy\" data-envira-index=\"5\" src=\"https:\/\/crac-asbl.org\/wp-content\/uploads\/2019\/09\/DSC03185-1024x768-640x480.jpg\" data-envira-src=\"https:\/\/crac-asbl.org\/wp-content\/uploads\/2019\/09\/DSC03185-1024x768-640x480.jpg\" data-envira-gallery-id=\"248\" data-envira-item-id=\"175\" data-envira-caption=\"Une partie du site de la future carri&egrave;re; ici vue depuis l&amp;#039;entr&eacute;e d&amp;#039;Hemptinne... Au pied de l&amp;#039;arbre, au loin, se situe la Chapelle Saint-Brigide !\" alt=\"\" title=\"Une partie du site de la future carri\u00e8re; ici vue depuis l'entr\u00e9e d'Hemptinne... Au pied de l'arbre, au loin, se situe la Chapelle Saint-Brigide !\"  itemprop=\"thumbnailUrl\" data-envira-srcset=\"https:\/\/crac-asbl.org\/wp-content\/uploads\/2019\/09\/DSC03185-1024x768-640x480.jpg 400w,https:\/\/crac-asbl.org\/wp-content\/uploads\/2019\/09\/DSC03185-1024x768-640x480.jpg 2x\" data-envira-width=\"300\" data-envira-height=\"225\" srcset=\"data:image\/gif;base64,R0lGODlhAQABAIAAAP\/\/\/\/\/\/\/yH5BAEKAAEALAAAAAABAAEAAAICTAEAOw==\" data-safe-src=\"data:image\/gif;base64,R0lGODlhAQABAIAAAP\/\/\/\/\/\/\/yH5BAEKAAEALAAAAAABAAEAAAICTAEAOw==\" \/><\/a><\/div><\/div><div id=\"envira-gallery-item-176\" class=\"envira-gallery-item enviratope-item envira-gallery-item-6 envira-lazy-load\" style=\"padding-left: 1px; padding-bottom: 1px; padding-right: 1px;\"  itemscope itemtype=\"https:\/\/schema.org\/ImageObject\"><div class=\"envira-gallery-item-inner\"><div class=\"envira-gallery-position-overlay  envira-gallery-top-left\"><\/div><div class=\"envira-gallery-position-overlay  envira-gallery-top-right\"><\/div><div class=\"envira-gallery-position-overlay  envira-gallery-bottom-left\"><\/div><div class=\"envira-gallery-position-overlay  envira-gallery-bottom-right\"><\/div><a href=\"http:\/\/crac-asbl.org\/wp-content\/uploads\/2019\/09\/DSC03204.jpg\" class=\"envira-gallery-248 envira-gallery-link\" rel=\"enviragallery248\" title=\"L&amp;#039;entr&eacute;e du village d&amp;#039;Hemptinne; vu depuis les abords du site pr&eacute;vu de la future carri&egrave;re.\" data-envira-caption=\"L&amp;#039;entr&eacute;e du village d&amp;#039;Hemptinne; vu depuis les abords du site pr&eacute;vu de la future carri&egrave;re.\" data-envira-retina=\"\" data-thumbnail=\"\"  itemprop=\"contentUrl\"><img decoding=\"async\" id=\"envira-gallery-image-176\" class=\"envira-gallery-image envira-gallery-image-6 envira-normal envira-lazy\" data-envira-index=\"6\" src=\"https:\/\/crac-asbl.org\/wp-content\/uploads\/2019\/09\/DSC03204-1024x768-640x480.jpg\" data-envira-src=\"https:\/\/crac-asbl.org\/wp-content\/uploads\/2019\/09\/DSC03204-1024x768-640x480.jpg\" data-envira-gallery-id=\"248\" data-envira-item-id=\"176\" data-envira-caption=\"L&amp;#039;entr&eacute;e du village d&amp;#039;Hemptinne; vu depuis les abords du site pr&eacute;vu de la future carri&egrave;re.\" alt=\"\" title=\"L'entr\u00e9e du village d'Hemptinne; vu depuis les abords du site pr\u00e9vu de la future carri\u00e8re.\"  itemprop=\"thumbnailUrl\" data-envira-srcset=\"https:\/\/crac-asbl.org\/wp-content\/uploads\/2019\/09\/DSC03204-1024x768-640x480.jpg 400w,https:\/\/crac-asbl.org\/wp-content\/uploads\/2019\/09\/DSC03204-1024x768-640x480.jpg 2x\" data-envira-width=\"300\" data-envira-height=\"225\" srcset=\"data:image\/gif;base64,R0lGODlhAQABAIAAAP\/\/\/\/\/\/\/yH5BAEKAAEALAAAAAABAAEAAAICTAEAOw==\" data-safe-src=\"data:image\/gif;base64,R0lGODlhAQABAIAAAP\/\/\/\/\/\/\/yH5BAEKAAEALAAAAAABAAEAAAICTAEAOw==\" \/><\/a><\/div><\/div><div id=\"envira-gallery-item-157\" class=\"envira-gallery-item enviratope-item envira-gallery-item-7 envira-lazy-load\" style=\"padding-left: 1px; padding-bottom: 1px; padding-right: 1px;\"  itemscope itemtype=\"https:\/\/schema.org\/ImageObject\"><div class=\"envira-gallery-item-inner\"><div class=\"envira-gallery-position-overlay  envira-gallery-top-left\"><\/div><div class=\"envira-gallery-position-overlay  envira-gallery-top-right\"><\/div><div class=\"envira-gallery-position-overlay  envira-gallery-bottom-left\"><\/div><div class=\"envira-gallery-position-overlay  envira-gallery-bottom-right\"><\/div><a href=\"http:\/\/crac-asbl.org\/wp-content\/uploads\/2019\/09\/Hemptinne_Agglo_NonALaCarriere.jpg\" class=\"envira-gallery-248 envira-gallery-link\" rel=\"enviragallery248\" title=\"Le village d&amp;#039;Hemptinne dit, lui aussi, &amp;#039;NON&amp;#039; &agrave; la carri&egrave;re...\" data-envira-caption=\"Le village d&amp;#039;Hemptinne dit, lui aussi, &amp;#039;NON&amp;#039; &agrave; la carri&egrave;re...\" data-envira-retina=\"\" data-thumbnail=\"\"  itemprop=\"contentUrl\"><img decoding=\"async\" id=\"envira-gallery-image-157\" class=\"envira-gallery-image envira-gallery-image-7 envira-normal envira-lazy\" data-envira-index=\"7\" src=\"https:\/\/crac-asbl.org\/wp-content\/uploads\/2019\/09\/Hemptinne_Agglo_NonALaCarriere-768x1024-640x480.jpg\" data-envira-src=\"https:\/\/crac-asbl.org\/wp-content\/uploads\/2019\/09\/Hemptinne_Agglo_NonALaCarriere-768x1024-640x480.jpg\" data-envira-gallery-id=\"248\" data-envira-item-id=\"157\" data-envira-caption=\"Le village d&amp;#039;Hemptinne dit, lui aussi, &amp;#039;NON&amp;#039; &agrave; la carri&egrave;re...\" alt=\"\" title=\"Le village d'Hemptinne dit, lui aussi, 'NON' \u00e0 la carri\u00e8re...\"  itemprop=\"thumbnailUrl\" data-envira-srcset=\"https:\/\/crac-asbl.org\/wp-content\/uploads\/2019\/09\/Hemptinne_Agglo_NonALaCarriere-768x1024-640x480.jpg 400w,https:\/\/crac-asbl.org\/wp-content\/uploads\/2019\/09\/Hemptinne_Agglo_NonALaCarriere-768x1024-640x480.jpg 2x\" data-envira-width=\"225\" data-envira-height=\"300\" srcset=\"data:image\/gif;base64,R0lGODlhAQABAIAAAP\/\/\/\/\/\/\/yH5BAEKAAEALAAAAAABAAEAAAICTAEAOw==\" data-safe-src=\"data:image\/gif;base64,R0lGODlhAQABAIAAAP\/\/\/\/\/\/\/yH5BAEKAAEALAAAAAABAAEAAAICTAEAOw==\" \/><\/a><\/div><\/div><\/div><\/div><noscript><img decoding=\"async\" src=\"https:\/\/crac-asbl.org\/wp-content\/uploads\/2019\/09\/St-Aubin_Agglo_NonALaCarriere_1.jpg\" alt=\"A la sortie de Saint-Aubin\" \/><img decoding=\"async\" src=\"https:\/\/crac-asbl.org\/wp-content\/uploads\/2019\/09\/DSC03158.jpg\" alt=\"\" \/><img decoding=\"async\" src=\"https:\/\/crac-asbl.org\/wp-content\/uploads\/2019\/09\/DSC03157.jpg\" alt=\"\" \/><img decoding=\"async\" src=\"https:\/\/crac-asbl.org\/wp-content\/uploads\/2019\/09\/Bataille_Panneau_NonALaCarriere.jpg\" alt=\"\" \/><img decoding=\"async\" src=\"https:\/\/crac-asbl.org\/wp-content\/uploads\/2019\/09\/DSC03185.jpg\" alt=\"\" \/><img decoding=\"async\" src=\"https:\/\/crac-asbl.org\/wp-content\/uploads\/2019\/09\/DSC03204.jpg\" alt=\"\" \/><img decoding=\"async\" src=\"https:\/\/crac-asbl.org\/wp-content\/uploads\/2019\/09\/Hemptinne_Agglo_NonALaCarriere.jpg\" alt=\"\" \/><\/noscript><\/div>\n","protected":false},"excerpt":{"rendered":"<p>Cartes du site Cartes figurant la localisation et l&rsquo;\u00e9tendue des zones d&rsquo;exploitation des carri\u00e8res \u00e0 Florennes (Berthe), Hemptinne &amp; St-Aubin (Carmeuse), Yves-Gomez\u00e9e (&lsquo;Les petons&rsquo;). Cliquez sur le lien ci-apr\u00e8s, pour voir la carte \u00ab\u00a0Les carri\u00e8res dans la r\u00e9gion de Florennes\u00a0\u00bb Aper\u00e7u du site de la future carri\u00e8re&#8230; L&rsquo;on y aper\u00e7oit clairement : Le merlon agricole &hellip; <\/p>\n<p><a class=\"more-link btn\" href=\"https:\/\/crac-asbl.org\/?page_id=242\">Lire la suite<\/a><\/p>\n","protected":false},"author":2,"featured_media":0,"parent":0,"menu_order":0,"comment_status":"closed","ping_status":"closed","template":"","meta":{"_uag_custom_page_level_css":"","footnotes":""},"uagb_featured_image_src":{"full":false,"thumbnail":false,"medium":false,"medium_large":false,"large":false,"1536x1536":false,"2048x2048":false,"graphene_slider":false,"post-thumbnail":false},"uagb_author_info":{"display_name":"CRAC","author_link":"https:\/\/crac-asbl.org\/?author=2"},"uagb_comment_info":0,"uagb_excerpt":"Cartes du site Cartes figurant la localisation et l&rsquo;\u00e9tendue des zones d&rsquo;exploitation des carri\u00e8res \u00e0 Florennes (Berthe), Hemptinne &amp; St-Aubin (Carmeuse), Yves-Gomez\u00e9e (&lsquo;Les petons&rsquo;). Cliquez sur le lien ci-apr\u00e8s, pour voir la carte \u00ab\u00a0Les carri\u00e8res dans la r\u00e9gion de Florennes\u00a0\u00bb Aper\u00e7u du site de la future carri\u00e8re&#8230; L&rsquo;on y aper\u00e7oit clairement : Le merlon agricole\u2026","_links":{"self":[{"href":"https:\/\/crac-asbl.org\/index.php?rest_route=\/wp\/v2\/pages\/242"}],"collection":[{"href":"https:\/\/crac-asbl.org\/index.php?rest_route=\/wp\/v2\/pages"}],"about":[{"href":"https:\/\/crac-asbl.org\/index.php?rest_route=\/wp\/v2\/types\/page"}],"author":[{"embeddable":true,"href":"https:\/\/crac-asbl.org\/index.php?rest_route=\/wp\/v2\/users\/2"}],"replies":[{"embeddable":true,"href":"https:\/\/crac-asbl.org\/index.php?rest_route=%2Fwp%2Fv2%2Fcomments&post=242"}],"version-history":[{"count":12,"href":"https:\/\/crac-asbl.org\/index.php?rest_route=\/wp\/v2\/pages\/242\/revisions"}],"predecessor-version":[{"id":384,"href":"https:\/\/crac-asbl.org\/index.php?rest_route=\/wp\/v2\/pages\/242\/revisions\/384"}],"wp:attachment":[{"href":"https:\/\/crac-asbl.org\/index.php?rest_route=%2Fwp%2Fv2%2Fmedia&parent=242"}],"curies":[{"name":"wp","href":"https:\/\/api.w.org\/{rel}","templated":true}]}}